{"id":39034,"date":"2026-01-26T10:17:38","date_gmt":"2026-01-26T08:17:38","guid":{"rendered":"https:\/\/medri.uniri.hr\/?page_id=39034"},"modified":"2026-04-24T12:59:09","modified_gmt":"2026-04-24T10:59:09","slug":"third-phd-candidates-congress-of-the-doctoral-school-of-biomedicine-science-and-us","status":"publish","type":"page","link":"https:\/\/medri.uniri.hr\/en\/scientific-and-professional-meetings\/science-and-us\/third-phd-candidates-congress-of-the-doctoral-school-of-biomedicine-science-and-us\/","title":{"rendered":"3rd Biomedicine and Health PhD Students Congress"},"content":{"rendered":"\n<h3 class=\"wp-block-heading\"><strong>University of Rijeka, Faculty of Medicine<\/strong><br><strong>14\u201316 May 2026 \u2022 Rijeka, Croatia<\/strong><\/h3>\n\n\n<div class=\"wp-block-ub-content-toggle wp-block-ub-content-toggle-block\" id=\"ub-content-toggle-block-ddbc504e-b22b-45ed-a712-38efdf9e4c69\" data-mobilecollapse=\"false\" data-desktopcollapse=\"false\" data-preventcollapse=\"false\" data-showonlyone=\"false\">\n<div class=\"wp-block-ub-content-toggle-accordion\" style=\"border-color: #f1f1f1;\" id=\"ub-content-toggle-panel-block-\">\n\t\t\t<div class=\"wp-block-ub-content-toggle-accordion-title-wrap\" style=\"background-color: #f1f1f1;\" aria-controls=\"ub-content-toggle-panel-0-ddbc504e-b22b-45ed-a712-38efdf9e4c69\" tabindex=\"0\">\n\t\t\t<p class=\"wp-block-ub-content-toggle-accordion-title ub-content-toggle-title-ddbc504e-b22b-45ed-a712-38efdf9e4c69\" style=\"color: #000000; \"><strong>CALL FOR PARTICIPATION<\/strong><\/p>\n\t\t\t<div class=\"wp-block-ub-content-toggle-accordion-toggle-wrap right\" style=\"color: #000000;\"><span class=\"wp-block-ub-content-toggle-accordion-state-indicator wp-block-ub-chevron-down open\"><\/span><\/div>\n\t\t<\/div>\n\t\t\t<div role=\"region\" aria-expanded=\"true\" class=\"wp-block-ub-content-toggle-accordion-content-wrap\" id=\"ub-content-toggle-panel-0-ddbc504e-b22b-45ed-a712-38efdf9e4c69\">\n\n<p>Dear PhD students,<\/p>\n\n\n\n<p>It is our great pleasure to invite you to the <strong>Third PhD Candidates\u2019 Congress of the Doctoral School of Biomedicine at the University of Rijeka Faculty of Medicine<\/strong>, in the scientific field of biomedicine and health, with international participation, titled <strong>\u201cScience and Us\u201d.<\/strong><\/p>\n\n\n\n<p>The Congress will be held in Rijeka from 14 to 16 May 2026, at the University of Rijeka Faculty of Medicine.<\/p>\n\n\n\n<p>Participants will have the opportunity to present their research through <strong>oral presentations<\/strong> and <strong>poster sessions, <\/strong>with the option of<strong> active or passive participation<\/strong>.<\/p>\n\n\n\n<p>The programme includes <strong>invited lectures by distinguished experts<\/strong> in biomedicine, public health, clinical medicine, health and environmental engineering, and dental medicine.<\/p>\n\n\n\n<p>The official language of the \u201cScience and Us\u201d Congress is <strong>English<\/strong>.<\/p>\n\n\n\n<p>This Congress is an excellent opportunity for PhD candidates and all those interested in biomedicine and health to enrich their knowledge, broaden their scientific perspectives, and establish new collaborations and friendships through a thoughtfully designed three-day programme.<\/p>\n\n\n\n<p>For any questions, feel free to contact us at <a href=\"&#109;&#x61;i&#108;&#x74;o&#x3a;&#x7a;&#110;&#x61;n&#111;&#x73;t&#105;&#x6d;&#105;&#x40;g&#109;&#x61;i&#108;&#x2e;&#99;&#x6f;&#x6d;\">&#122;n&#x61;n&#x6f;&#115;&#x74;&#105;&#x6d;&#105;&#64;&#x67;m&#x61;&#105;&#x6c;&#46;&#x63;&#111;&#x6d;<\/a>.<\/p>\n\n\n\n<p>We look forward to welcoming you to Rijeka in May 2026.<\/p>\n\n\n\n<p>Kind regards,<\/p>\n\n\n\n<p>The Organising Committee of the \u201cScience and Us\u201d Congress<\/p>\n\n<\/div>\n\t\t<\/div>\n<\/div>\n\n<div class=\"wp-block-ub-content-toggle wp-block-ub-content-toggle-block\" id=\"ub-content-toggle-block-e85072a7-971f-41ae-8c73-a9cf577e95be\" data-mobilecollapse=\"false\" data-desktopcollapse=\"false\" data-preventcollapse=\"false\" data-showonlyone=\"false\">\n<div class=\"wp-block-ub-content-toggle-accordion\" style=\"border-color: #f1f1f1;\" id=\"ub-content-toggle-panel-block-\">\n\t\t\t<div class=\"wp-block-ub-content-toggle-accordion-title-wrap\" style=\"background-color: #f1f1f1;\" aria-controls=\"ub-content-toggle-panel-0-e85072a7-971f-41ae-8c73-a9cf577e95be\" tabindex=\"0\">\n\t\t\t<p class=\"wp-block-ub-content-toggle-accordion-title ub-content-toggle-title-e85072a7-971f-41ae-8c73-a9cf577e95be\" style=\"color: #000000; \"><strong>INVITED LECTURES<\/strong><\/p>\n\t\t\t<div class=\"wp-block-ub-content-toggle-accordion-toggle-wrap right\" style=\"color: #000000;\"><span class=\"wp-block-ub-content-toggle-accordion-state-indicator wp-block-ub-chevron-down open\"><\/span><\/div>\n\t\t<\/div>\n\t\t\t<div role=\"region\" aria-expanded=\"true\" class=\"wp-block-ub-content-toggle-accordion-content-wrap\" id=\"ub-content-toggle-panel-0-e85072a7-971f-41ae-8c73-a9cf577e95be\">\n\n<p><strong>We are pleased to announce the invited speakers <\/strong><\/p>\n\n\n<div class=\"wp-block-ub-content-toggle wp-block-ub-content-toggle-block\" id=\"ub-content-toggle-block-76857986-8d20-4c77-bbab-c04451438ab5\" data-mobilecollapse=\"true\" data-desktopcollapse=\"true\" data-preventcollapse=\"false\" data-showonlyone=\"false\">\n<div class=\"wp-block-ub-content-toggle-accordion\" style=\"border-color: #f1f1f1;\" id=\"ub-content-toggle-panel-block-\">\n\t\t\t<div class=\"wp-block-ub-content-toggle-accordion-title-wrap\" style=\"background-color: #f1f1f1;\" aria-controls=\"ub-content-toggle-panel-0-76857986-8d20-4c77-bbab-c04451438ab5\" tabindex=\"0\">\n\t\t\t<p class=\"wp-block-ub-content-toggle-accordion-title ub-content-toggle-title-76857986-8d20-4c77-bbab-c04451438ab5\" style=\"color: #000000; \"><strong>Nenad Bogdanovic<\/strong>, Karolinska Institutet, Stocholm, Sweden<\/p>\n\t\t\t<div class=\"wp-block-ub-content-toggle-accordion-toggle-wrap right\" style=\"color: #000000;\"><span class=\"wp-block-ub-content-toggle-accordion-state-indicator wp-block-ub-chevron-down\"><\/span><\/div>\n\t\t<\/div>\n\t\t\t<div role=\"region\" aria-expanded=\"false\" class=\"wp-block-ub-content-toggle-accordion-content-wrap ub-hide\" id=\"ub-content-toggle-panel-0-76857986-8d20-4c77-bbab-c04451438ab5\">\n\n<p>Prof. Nenad Bogdanovic, MD, PhD, is a Croatian-born geriatrician, neurologist, consultant neuropathologist, and trained neuroanatomist at Karolinska University Hospital. He is Professor of Geriatric Medicine affiliated with Karolinska Institutet, Oslo University, and serves as a Visiting Professor at the University of Zagreb and Boston University. His clinical and research work focuses on neurodegenerative disorders, dementia biomarkers, brain imaging, neuropathology, translational neuroscience, and holistic geriatric care.<\/p>\n\n\n\n<p>He previously served as Acting Head of Research, Education, Innovation and Development within the Theme Aging at Karolinska University Hospital and as Clinical Chief of the Aging Brain Clinic. From 2013 to 2017, he led the Geriatric Clinic and Memory Center at Oslo University Hospital. Between 2008 and 2012, he worked as Senior Medical Director in Neuroscience\/Alzheimer\u2019s Disease at Wyeth and Pfizer, and has collaborated extensively with the pharmaceutical and biotechnology sectors, including GE Healthcare, Servier, and Kyowa Kirin. In 2004, he was awarded Karolinska Institutet\u2019s highest pedagogical distinction, the \u201cMaster of Education\u201d award.<\/p>\n\n\n\n<p>He is co-discoverer of the Swedish and Arctic mutations in Alzheimer\u2019s disease, which were foundational for the development of anti-amyloid antibody therapies, including lecanemab (Leqembi). His scientific work has generated more than 19,000 citations with an H-index of 75.<\/p>\n\n\n\n<p>His expertise spans clinical geriatrics, neurology, neuropathology, biomarkers, dementia care, frailty, sarcopenia, malnutrition, and translational aging research. <a href=\"https:\/\/ki.se\/en\/people\/nenad-bogdanovic\">Nenad Bogdanovic | Karolinska Institutet<\/a><\/p>\n\n\n\n<p>The Professor Bogdanovi\u0107 will present a plenary lecture at the congress entitled \u201e<em>Understanding Dementia: From Molecular Mechanisms and Biomarkers to Clinical Application and Prevention\u201c<\/em>.<\/p>\n\n<\/div>\n\t\t<\/div>\n<\/div>\n\n<div class=\"wp-block-ub-content-toggle wp-block-ub-content-toggle-block\" id=\"ub-content-toggle-block-e96ec8cb-11cd-4ceb-9e84-5f50b2e2a569\" data-mobilecollapse=\"true\" data-desktopcollapse=\"true\" data-preventcollapse=\"false\" data-showonlyone=\"false\">\n<div class=\"wp-block-ub-content-toggle-accordion\" style=\"border-color: #f1f1f1;\" id=\"ub-content-toggle-panel-block-\">\n\t\t\t<div class=\"wp-block-ub-content-toggle-accordion-title-wrap\" style=\"background-color: #f1f1f1;\" aria-controls=\"ub-content-toggle-panel-0-e96ec8cb-11cd-4ceb-9e84-5f50b2e2a569\" tabindex=\"0\">\n\t\t\t<p class=\"wp-block-ub-content-toggle-accordion-title ub-content-toggle-title-e96ec8cb-11cd-4ceb-9e84-5f50b2e2a569\" style=\"color: #000000; \"><strong>Oliver Harschnitz<\/strong>, Human Technopole, Milan, Italy<\/p>\n\t\t\t<div class=\"wp-block-ub-content-toggle-accordion-toggle-wrap right\" style=\"color: #000000;\"><span class=\"wp-block-ub-content-toggle-accordion-state-indicator wp-block-ub-chevron-down\"><\/span><\/div>\n\t\t<\/div>\n\t\t\t<div role=\"region\" aria-expanded=\"false\" class=\"wp-block-ub-content-toggle-accordion-content-wrap ub-hide\" id=\"ub-content-toggle-panel-0-e96ec8cb-11cd-4ceb-9e84-5f50b2e2a569\">\n\n<p>Dr. Oliver Harschnitz is a Research Group Leader at the Neurogenomics Research Centre, Human Technopole in Milan. His work focuses on developing advanced human pluripotent stem\u2011cell models to study viral and autoimmune encephalitis, neuroinflammation, and mechanisms of chronic brain disease. He earned his medical degree from Maastricht University and completed a PhD at Utrecht University Medical Center, followed by postdoctoral research at the Sloan Kettering Institute in New York. His group employs cutting\u2011edge stem\u2011cell\u2013based systems to identify disease drivers and potential therapeutic targets in neuroimmunological disorders. <a href=\"https:\/\/humantechnopole.it\/en\/people\/oliver-harschnitz\/\" target=\"_blank\" rel=\"noreferrer noopener\">Oliver Harschnitz &#8211; Human Technopole<\/a><\/p>\n\n\n\n<p>Dr. Oliver Harschnitz will present a lecture at the congress entitled \u201eHuman Trigeminal Ganglion Organoids Enable Modelling of Host-Virus Interactions of Herpesviruses\u00a0<em>\u201c.<\/em><\/p>\n\n<\/div>\n\t\t<\/div>\n<\/div>\n\n<div class=\"wp-block-ub-content-toggle wp-block-ub-content-toggle-block\" id=\"ub-content-toggle-block-12765838-4fb2-49aa-bc83-5fbd25551420\" data-mobilecollapse=\"true\" data-desktopcollapse=\"true\" data-preventcollapse=\"false\" data-showonlyone=\"false\">\n<div class=\"wp-block-ub-content-toggle-accordion\" style=\"border-color: #f1f1f1;\" id=\"ub-content-toggle-panel-block-\">\n\t\t\t<div class=\"wp-block-ub-content-toggle-accordion-title-wrap\" style=\"background-color: #f1f1f1;\" aria-controls=\"ub-content-toggle-panel-0-12765838-4fb2-49aa-bc83-5fbd25551420\" tabindex=\"0\">\n\t\t\t<p class=\"wp-block-ub-content-toggle-accordion-title ub-content-toggle-title-12765838-4fb2-49aa-bc83-5fbd25551420\" style=\"color: #000000; \"><strong>Maciej Banach<\/strong>, Medical University of Lodz, Poland<\/p>\n\t\t\t<div class=\"wp-block-ub-content-toggle-accordion-toggle-wrap right\" style=\"color: #000000;\"><span class=\"wp-block-ub-content-toggle-accordion-state-indicator wp-block-ub-chevron-down\"><\/span><\/div>\n\t\t<\/div>\n\t\t\t<div role=\"region\" aria-expanded=\"false\" class=\"wp-block-ub-content-toggle-accordion-content-wrap ub-hide\" id=\"ub-content-toggle-panel-0-12765838-4fb2-49aa-bc83-5fbd25551420\">\n\n<p>Professor Maciej Banach is Vice-Rector for Collegium Medicum at the John Paul II Catholic University of Lublin (KUL) and Head of the Department of Preventive Cardiology and Lipidology at the Medical University of \u0141\u00f3d\u017a (MUL). He is also a Senior Research Fellow at the Liverpool Centre for Cardiovascular Sciences (LCCS). Prof. Banach is President of the Polish Lipid Association (PoLA), Founder of the Lipid and Blood Pressure Meta-analysis Collaboration (LBPMC) Group, and President of the International Lipid Expert Panel (ILEP). He directs the European Program for Prevention (EPP) and coordinates scientific collaboration among 50 hospitals, universities, and societies within the Central European Prevention Initiative (CEPI) Alliance. According to Clarivate\u2019s Essential Science Indicators (ESI), he ranks in the top 1% of the world\u2019s most-cited researchers, with 87 Highly Cited Papers. The Elsevier\/Stanford University Top 2% Scientists list places him 29th globally in Cardiovascular System &amp; Hematology.<\/p>\n\n\n\n<p>In preventive cardiology, he is among the most-cited researchers worldwide, with 135,665 citations and an H-index of 127 in Web of Science (WoS) Core Collection, and 244,971 citations with an H-index of 164 in Google Scholar. His honors include being named the \u201cMost Influential Person in Polish Medicine\u201d for 2023 (2nd for 2024 and 4th for 2025 on the combined medicine and healthcare list) by Puls Medycyny and receiving five Doctor Honoris Causa degrees (Universities of Zagreb, Ko\u0161ice, Bucharest, Kyiv, and Timi\u0219oara). <a href=\"https:\/\/profmaciejbanach.info\/\">Prof. Maciej Banach<\/a><\/p>\n\n\n\n<p>The Professor Banach will present a lecture at the congress entitled \u201e<em>Lipids Reimagined: How Poland\u2019s 2026 Guidelines Can Rewrite European and American Practice\u201c<\/em>.<\/p>\n\n<\/div>\n\t\t<\/div>\n<\/div>\n\n<div class=\"wp-block-ub-content-toggle wp-block-ub-content-toggle-block\" id=\"ub-content-toggle-block-4097fa8a-48d6-4c74-ab6b-1a6cebdfffe8\" data-mobilecollapse=\"true\" data-desktopcollapse=\"true\" data-preventcollapse=\"false\" data-showonlyone=\"false\">\n<div class=\"wp-block-ub-content-toggle-accordion\" style=\"border-color: #f1f1f1;\" id=\"ub-content-toggle-panel-block-\">\n\t\t\t<div class=\"wp-block-ub-content-toggle-accordion-title-wrap\" style=\"background-color: #f1f1f1;\" aria-controls=\"ub-content-toggle-panel-0-4097fa8a-48d6-4c74-ab6b-1a6cebdfffe8\" tabindex=\"0\">\n\t\t\t<p class=\"wp-block-ub-content-toggle-accordion-title ub-content-toggle-title-4097fa8a-48d6-4c74-ab6b-1a6cebdfffe8\" style=\"color: #000000; \"><strong>Anita Fekonja<\/strong> , University of Maribor, Slovenia<\/p>\n\t\t\t<div class=\"wp-block-ub-content-toggle-accordion-toggle-wrap right\" style=\"color: #000000;\"><span class=\"wp-block-ub-content-toggle-accordion-state-indicator wp-block-ub-chevron-down\"><\/span><\/div>\n\t\t<\/div>\n\t\t\t<div role=\"region\" aria-expanded=\"false\" class=\"wp-block-ub-content-toggle-accordion-content-wrap ub-hide\" id=\"ub-content-toggle-panel-0-4097fa8a-48d6-4c74-ab6b-1a6cebdfffe8\">\n\n<p>Assist. Prof. Anita Fekonja, DMD, PhD, is a specialist in teeth and jaw orthopedics at the Faculty of Medicine, University of Maribor, where she serves as the Head of the Department of Jaw and Teeth Orthopedics. She also works clinically at Ortodent. She is the recipient of the Prof. Dr. Zora Jan\u017eekovi\u010d Award for excellence in teaching and student mentorship.<\/p>\n\n\n\n<p>Her research focuses on hypodontia, impacted teeth, and early orthodontic treatment, and she has authored more than 120 scientific and professional publications, frequently presenting her work at international scientific conferences. <a href=\"https:\/\/si.linkedin.com\/in\/anita-fekonja-25a86878\">https:\/\/si.linkedin.com\/in\/anita-fekonja-25a86878<\/a><\/p>\n\n\n\n<p>Assist. Prof. Anita Fekonja will present a lecture at the congress entitled \u201e<em>Is There a Link Between a Carcinogenesis and Odontogenesis?\u201c.<\/em><\/p>\n\n<\/div>\n\t\t<\/div>\n<\/div>\n\n<div class=\"wp-block-ub-content-toggle wp-block-ub-content-toggle-block\" id=\"ub-content-toggle-block-7981e118-e28b-4643-9644-58ef44853726\" data-mobilecollapse=\"true\" data-desktopcollapse=\"true\" data-preventcollapse=\"false\" data-showonlyone=\"false\">\n<div class=\"wp-block-ub-content-toggle-accordion\" style=\"border-color: #f1f1f1;\" id=\"ub-content-toggle-panel-block-\">\n\t\t\t<div class=\"wp-block-ub-content-toggle-accordion-title-wrap\" style=\"background-color: #f1f1f1;\" aria-controls=\"ub-content-toggle-panel-0-7981e118-e28b-4643-9644-58ef44853726\" tabindex=\"0\">\n\t\t\t<p class=\"wp-block-ub-content-toggle-accordion-title ub-content-toggle-title-7981e118-e28b-4643-9644-58ef44853726\" style=\"color: #000000; \"><strong>Joao Brandao<\/strong>, National Institute of Health Dr. Ricardo Jorge (INSA), Lisbon, Portugal<\/p>\n\t\t\t<div class=\"wp-block-ub-content-toggle-accordion-toggle-wrap right\" style=\"color: #000000;\"><span class=\"wp-block-ub-content-toggle-accordion-state-indicator wp-block-ub-chevron-down\"><\/span><\/div>\n\t\t<\/div>\n\t\t\t<div role=\"region\" aria-expanded=\"false\" class=\"wp-block-ub-content-toggle-accordion-content-wrap ub-hide\" id=\"ub-content-toggle-panel-0-7981e118-e28b-4643-9644-58ef44853726\">\n\n<p>Dr. Jo\u00e3o Brand\u00e3o is an applied chemist\u2011biotechnologist specializing in medical and environmental microbiology. He works at the Department of Environmental Health at the Portuguese National Institute of Health Dr. Ricardo Jorge, where he leads research on sand contaminants, fungal pathogens in drinking and recreational waters, and microbial risks to public health. He heads the national mycology laboratory and serves as a member of several European expert groups (including EMEG and WHO guideline development teams). His scientific interests include environmental mycology, water and sand microbiota, and microbial adaptation to environmental stressors. <a href=\"https:\/\/www.cienciavitae.pt\/portal\/D01F-0243-A117\">Jo\u00e3o \u00c1lvaro Brand\u00e3o Soares de Carvalho (D01F-0243-A117) | CI\u00caNCIAVITAE<\/a><\/p>\n\n\n\n<p>The Professor Brandao will present a lecture at the congress entitled \u201eWastewater Surveillance and Regulation \u2013 The New Urban Wastewater Directive Is Out with Fungi Not In<em>\u201c.<\/em><\/p>\n\n<\/div>\n\t\t<\/div>\n<\/div>\n\n<div class=\"wp-block-ub-content-toggle wp-block-ub-content-toggle-block\" id=\"ub-content-toggle-block-775f9fad-9b45-4ea1-8686-3b618bad4d14\" data-mobilecollapse=\"true\" data-desktopcollapse=\"true\" data-preventcollapse=\"false\" data-showonlyone=\"false\">\n<div class=\"wp-block-ub-content-toggle-accordion\" style=\"border-color: #f1f1f1;\" id=\"ub-content-toggle-panel-block-\">\n\t\t\t<div class=\"wp-block-ub-content-toggle-accordion-title-wrap\" style=\"background-color: #f1f1f1;\" aria-controls=\"ub-content-toggle-panel-0-775f9fad-9b45-4ea1-8686-3b618bad4d14\" tabindex=\"0\">\n\t\t\t<p class=\"wp-block-ub-content-toggle-accordion-title ub-content-toggle-title-775f9fad-9b45-4ea1-8686-3b618bad4d14\" style=\"color: #000000; \"><strong>Giuseppe Vizzieli<\/strong>, University of Udine, Italy<\/p>\n\t\t\t<div class=\"wp-block-ub-content-toggle-accordion-toggle-wrap right\" style=\"color: #000000;\"><span class=\"wp-block-ub-content-toggle-accordion-state-indicator wp-block-ub-chevron-down\"><\/span><\/div>\n\t\t<\/div>\n\t\t\t<div role=\"region\" aria-expanded=\"false\" class=\"wp-block-ub-content-toggle-accordion-content-wrap ub-hide\" id=\"ub-content-toggle-panel-0-775f9fad-9b45-4ea1-8686-3b618bad4d14\">\n\n<p>Prof. Giuseppe Vizzielli is an Associate Professor of Gynecology and Obstetrics at the University of Udine and a specialist in gynecologic oncology. His clinical and research expertise spans ovarian, endometrial, and cervical cancers, with extensive experience in laparoscopic, robotic, and radical pelvic surgery. He has authored more than 100 peer\u2011reviewed publications and participates as Principal and Co\u2011Investigator in international phase I\u2013III clinical trials in gynecologic oncology. Prof. Vizzielli is an active member of several major European professional societies and contributes to standardized national and international surgical training programs. <a href=\"https:\/\/scholar.google.com\/citations?user=iY95z6wAAAAJ&amp;hl=it\">\u202aGiuseppe Vizzielli &#8211; \u202aGoogle Scholar<\/a><\/p>\n\n\n\n<p>The Professor Vizzieli will present a lecture at the congress entitled \u201eFrom Research to Clinical Practice: A Holistic Vision of Innovation in Gynecological Oncology<em>\u201c.<\/em><\/p>\n\n<\/div>\n\t\t<\/div>\n<\/div>\n<\/div>\n\t\t<\/div>\n<\/div>\n\n<div class=\"wp-block-ub-content-toggle wp-block-ub-content-toggle-block\" id=\"ub-content-toggle-block-1a848a02-7f64-4e79-81aa-cb06fa329e08\" data-mobilecollapse=\"false\" data-desktopcollapse=\"false\" data-preventcollapse=\"false\" data-showonlyone=\"false\">\n<div class=\"wp-block-ub-content-toggle-accordion\" style=\"border-color: #f1f1f1;\" id=\"ub-content-toggle-panel-block-\">\n\t\t\t<div class=\"wp-block-ub-content-toggle-accordion-title-wrap\" style=\"background-color: #f1f1f1;\" aria-controls=\"ub-content-toggle-panel-0-1a848a02-7f64-4e79-81aa-cb06fa329e08\" tabindex=\"0\">\n\t\t\t<p class=\"wp-block-ub-content-toggle-accordion-title ub-content-toggle-title-1a848a02-7f64-4e79-81aa-cb06fa329e08\" style=\"color: #000000; \"><strong>WORKSHOPS<\/strong><\/p>\n\t\t\t<div class=\"wp-block-ub-content-toggle-accordion-toggle-wrap right\" style=\"color: #000000;\"><span class=\"wp-block-ub-content-toggle-accordion-state-indicator wp-block-ub-chevron-down open\"><\/span><\/div>\n\t\t<\/div>\n\t\t\t<div role=\"region\" aria-expanded=\"true\" class=\"wp-block-ub-content-toggle-accordion-content-wrap\" id=\"ub-content-toggle-panel-0-1a848a02-7f64-4e79-81aa-cb06fa329e08\">\n\n<p><\/p>\n\n\n<div class=\"wp-block-ub-content-toggle wp-block-ub-content-toggle-block\" id=\"ub-content-toggle-block-9d5c2370-7355-4fcf-9762-0bf35277967f\" data-mobilecollapse=\"true\" data-desktopcollapse=\"true\" data-preventcollapse=\"false\" data-showonlyone=\"false\">\n<div class=\"wp-block-ub-content-toggle-accordion\" style=\"border-color: #f1f1f1;\" id=\"ub-content-toggle-panel-block-\">\n\t\t\t<div class=\"wp-block-ub-content-toggle-accordion-title-wrap\" style=\"background-color: #f1f1f1;\" aria-controls=\"ub-content-toggle-panel-0-9d5c2370-7355-4fcf-9762-0bf35277967f\" tabindex=\"0\">\n\t\t\t<p class=\"wp-block-ub-content-toggle-accordion-title ub-content-toggle-title-9d5c2370-7355-4fcf-9762-0bf35277967f\" style=\"color: #000000; \"><strong>Sven Mari\u010di\u0107, Faculty of Medicine, Rijeka, Croatia<\/strong><\/p>\n\t\t\t<div class=\"wp-block-ub-content-toggle-accordion-toggle-wrap right\" style=\"color: #000000;\"><span class=\"wp-block-ub-content-toggle-accordion-state-indicator wp-block-ub-chevron-down\"><\/span><\/div>\n\t\t<\/div>\n\t\t\t<div role=\"region\" aria-expanded=\"false\" class=\"wp-block-ub-content-toggle-accordion-content-wrap ub-hide\" id=\"ub-content-toggle-panel-0-9d5c2370-7355-4fcf-9762-0bf35277967f\">\n\n<p>Assoc. Prof.\u00a0Sven Mari\u010di\u0107, PhD, specializes in additive technologies, robotics, and AI, focusing primarily on biomedical applications and 3D biomodeling. As one of the European pioneers in biomedical 3D printing, he spearheaded the projects responsible for the first clinical applications of 3D-printed reconstructions and implants in Croatia.<br><br>Currently, he serves as a professor at the Juraj Dobrila University of Pula and the University of Rijeka, and holds a visiting professorship in Austria. He is the Head of the Robotics and AI Laboratory as well as the Center for Biomodeling and Innovation in Medicine.<br><br>His research and innovation work have earned prestigious awards, including the National Science Award, the European Commission&#8217;s European Innovative Teaching Award, and numerous international medals for innovation. <\/p>\n\n\n\n<p>At our congress, Prof. Mari\u010di\u0107 will lead a workshop titled \u201e<em>Virtual 3D Model Simulation for Biomedical Applications\u201c<\/em>.<\/p>\n\n<\/div>\n\t\t<\/div>\n<\/div>\n\n<div class=\"wp-block-ub-content-toggle wp-block-ub-content-toggle-block\" id=\"ub-content-toggle-block-811976c5-88fd-412a-9897-0ed525e3c8e3\" data-mobilecollapse=\"true\" data-desktopcollapse=\"true\" data-preventcollapse=\"false\" data-showonlyone=\"false\">\n<div class=\"wp-block-ub-content-toggle-accordion\" style=\"border-color: #f1f1f1;\" id=\"ub-content-toggle-panel-block-\">\n\t\t\t<div class=\"wp-block-ub-content-toggle-accordion-title-wrap\" style=\"background-color: #f1f1f1;\" aria-controls=\"ub-content-toggle-panel-0-811976c5-88fd-412a-9897-0ed525e3c8e3\" tabindex=\"0\">\n\t\t\t<p class=\"wp-block-ub-content-toggle-accordion-title ub-content-toggle-title-811976c5-88fd-412a-9897-0ed525e3c8e3\" style=\"color: #000000; \"><strong>Marko \u0160estan, Faculty of Medicine, Rijeka, Croatia<\/strong><\/p>\n\t\t\t<div class=\"wp-block-ub-content-toggle-accordion-toggle-wrap right\" style=\"color: #000000;\"><span class=\"wp-block-ub-content-toggle-accordion-state-indicator wp-block-ub-chevron-down\"><\/span><\/div>\n\t\t<\/div>\n\t\t\t<div role=\"region\" aria-expanded=\"false\" class=\"wp-block-ub-content-toggle-accordion-content-wrap ub-hide\" id=\"ub-content-toggle-panel-0-811976c5-88fd-412a-9897-0ed525e3c8e3\">\n\n<p>Marko \u0160estan is an assistant professor at the Department of Histology and Embryology at the Faculty of Medicine, University of Rijeka. He teaches in the graduate and postgraduate programs of the Faculty of Medicine in Rijeka, the Faculty of Dental Medicine in Rijeka, and the Faculty of Biotechnology at the University of Rijeka.<\/p>\n\n\n\n<p>Throughout his scientific career, he has published numerous papers in leading scientific journals in the field of immunology, including a notable publication in\u00a0<em>Science<\/em>. He has served as the principal investigator on both national and international research projects, including ERC and EMBO.<\/p>\n\n\n\n<p>He is a recipient of the National Science Award, the University of Rijeka Award, and the prestigious EMBO postdoctoral fellowship, which he completed at the Champalimaud Centre for the Unknown in Lisbon, Portugal. <\/p>\n\n\n\n<p>At our congress, Assist. Prof. \u0160estan \u00a0will lead a workshop titled \u201e<em>Chaos, Curiosity, and Questionable Decisions: A Lab Memoir.\u201c<\/em>.<\/p>\n\n<\/div>\n\t\t<\/div>\n<\/div>\n<\/div>\n\t\t<\/div>\n<\/div>\n\n<div class=\"wp-block-ub-content-toggle wp-block-ub-content-toggle-block\" id=\"ub-content-toggle-block-bdb14289-74df-4010-913a-175ceb44663b\" data-mobilecollapse=\"false\" data-desktopcollapse=\"false\" data-preventcollapse=\"false\" data-showonlyone=\"false\">\n<div class=\"wp-block-ub-content-toggle-accordion\" style=\"border-color: #f1f1f1;\" id=\"ub-content-toggle-panel-block-\">\n\t\t\t<div class=\"wp-block-ub-content-toggle-accordion-title-wrap\" style=\"background-color: #f1f1f1;\" aria-controls=\"ub-content-toggle-panel-0-bdb14289-74df-4010-913a-175ceb44663b\" tabindex=\"0\">\n\t\t\t<p class=\"wp-block-ub-content-toggle-accordion-title ub-content-toggle-title-bdb14289-74df-4010-913a-175ceb44663b\" style=\"color: #000000; \"><strong>IMPORTANT DATES<\/strong><\/p>\n\t\t\t<div class=\"wp-block-ub-content-toggle-accordion-toggle-wrap right\" style=\"color: #000000;\"><span class=\"wp-block-ub-content-toggle-accordion-state-indicator wp-block-ub-chevron-down open\"><\/span><\/div>\n\t\t<\/div>\n\t\t\t<div role=\"region\" aria-expanded=\"true\" class=\"wp-block-ub-content-toggle-accordion-content-wrap\" id=\"ub-content-toggle-panel-0-bdb14289-74df-4010-913a-175ceb44663b\">\n\n<ul class=\"wp-block-list\">\n<li>Abstract submission deadline: 29 March 2026<\/li>\n\n\n\n<li>Notification of acceptance: end of April 2026<\/li>\n\n\n\n<li>Registration deadline: 26 April 2026<\/li>\n\n\n\n<li>PowerPoint presentation deadline: 5 May 2026<\/li>\n\n\n\n<li>Congress dates: 14\u201316 May 2026<\/li>\n<\/ul>\n\n<\/div>\n\t\t<\/div>\n<\/div>\n\n<div class=\"wp-block-ub-content-toggle wp-block-ub-content-toggle-block\" id=\"ub-content-toggle-block-5200c34b-e51e-45df-ac6c-7a40cfdbf668\" data-mobilecollapse=\"false\" data-desktopcollapse=\"false\" data-preventcollapse=\"false\" data-showonlyone=\"false\">\n<div class=\"wp-block-ub-content-toggle-accordion\" style=\"border-color: #f1f1f1;\" id=\"ub-content-toggle-panel-block-\">\n\t\t\t<div class=\"wp-block-ub-content-toggle-accordion-title-wrap\" style=\"background-color: #f1f1f1;\" aria-controls=\"ub-content-toggle-panel-0-5200c34b-e51e-45df-ac6c-7a40cfdbf668\" tabindex=\"0\">\n\t\t\t<p class=\"wp-block-ub-content-toggle-accordion-title ub-content-toggle-title-5200c34b-e51e-45df-ac6c-7a40cfdbf668\" style=\"color: #000000; \"><strong>REGISTRATION AND FEES\u00a0<\/strong><\/p>\n\t\t\t<div class=\"wp-block-ub-content-toggle-accordion-toggle-wrap right\" style=\"color: #000000;\"><span class=\"wp-block-ub-content-toggle-accordion-state-indicator wp-block-ub-chevron-down open\"><\/span><\/div>\n\t\t<\/div>\n\t\t\t<div role=\"region\" aria-expanded=\"true\" class=\"wp-block-ub-content-toggle-accordion-content-wrap\" id=\"ub-content-toggle-panel-0-5200c34b-e51e-45df-ac6c-7a40cfdbf668\">\n\n<ul class=\"wp-block-list\">\n<li>Please register using the following link: \u00a0<a href=\"https:\/\/forms.gle\/Vnh6ESWPYRQC7MB1A\" data-type=\"link\" data-id=\"https:\/\/forms.gle\/Vnh6ESWPYRQC7MB1A\">REGISTRATION<\/a><\/li>\n\n\n\n<li>The registration fee is <strong>50 EUR, which includes <\/strong>lunch and coffee breaks.<\/li>\n\n\n\n<li>For the payment of the registration fee, please use our <a href=\"https:\/\/webshop.medri.uniri.hr\/en\/home\/91-science-and-us.html\" data-type=\"link\" data-id=\"https:\/\/webshop.medri.uniri.hr\/en\/home\/91-science-and-us.html\">WEBSHOP<\/a><\/li>\n\n\n\n<li><strong>Registration deadline:<\/strong> late April 2026 (to be confirmed)<\/li>\n<\/ul>\n\n<\/div>\n\t\t<\/div>\n<\/div>\n\n<div class=\"wp-block-ub-content-toggle wp-block-ub-content-toggle-block\" id=\"ub-content-toggle-block-d749b3e9-9894-4cf6-9d42-f34cb5a42e3c\" data-mobilecollapse=\"true\" data-desktopcollapse=\"true\" data-preventcollapse=\"false\" data-showonlyone=\"false\">\n<div class=\"wp-block-ub-content-toggle-accordion\" style=\"border-color: #f1f1f1;\" id=\"ub-content-toggle-panel-block-\">\n\t\t\t<div class=\"wp-block-ub-content-toggle-accordion-title-wrap\" style=\"background-color: #f1f1f1;\" aria-controls=\"ub-content-toggle-panel-0-d749b3e9-9894-4cf6-9d42-f34cb5a42e3c\" tabindex=\"0\">\n\t\t\t<p class=\"wp-block-ub-content-toggle-accordion-title ub-content-toggle-title-d749b3e9-9894-4cf6-9d42-f34cb5a42e3c\" style=\"color: #000000; \"><strong>ABSTRACT SUBMISSION\u00a0\u00a0\u00a0\u00a0\u00a0\u00a0\u00a0\u00a0\u00a0\u00a0\u00a0\u00a0<\/strong><\/p>\n\t\t\t<div class=\"wp-block-ub-content-toggle-accordion-toggle-wrap right\" style=\"color: #000000;\"><span class=\"wp-block-ub-content-toggle-accordion-state-indicator wp-block-ub-chevron-down\"><\/span><\/div>\n\t\t<\/div>\n\t\t\t<div role=\"region\" aria-expanded=\"false\" class=\"wp-block-ub-content-toggle-accordion-content-wrap ub-hide\" id=\"ub-content-toggle-panel-0-d749b3e9-9894-4cf6-9d42-f34cb5a42e3c\">\n\n<p><strong>GUIDELINES FOR ABSTRACT SUBMISSION<\/strong><\/p>\n\n\n\n<p><strong>1. Title<\/strong><\/p>\n\n\n\n<ul class=\"wp-block-list\">\n<li>The title should be clear, concise, scientifically appropriate, written in capital letters<\/li>\n\n\n\n<li>No abbreviations<\/li>\n\n\n\n<li>Max.\u00a0<strong>300 characters including spaces<\/strong><\/li>\n<\/ul>\n\n\n\n<p><strong>2. Authors\u00a0and\u00a0Affiliations<\/strong><\/p>\n\n\n\n<ul class=\"wp-block-list\">\n<li>List first and last names of all authors in order of contribution, without academic titles<br><strong>(max 10 Authors and max 10 Affiliations)<\/strong><\/li>\n\n\n\n<li>The presenting or corresponding author should be listed first<\/li>\n\n\n\n<li>Provide the full name of each institution, including city and country<\/li>\n\n\n\n<li>If multiple institutions are involved, use superscript numbers (\u00b9,\u00b2,\u00b3) to link authors and affiliations<\/li>\n<\/ul>\n\n\n\n<p><strong>3. Abstract\u00a0Structure<\/strong><\/p>\n\n\n\n<ul class=\"wp-block-list\">\n<li><strong>The abstract must include the following sections:<\/strong>\n<ul class=\"wp-block-list\">\n<li><strong>Objective<\/strong><\/li>\n\n\n\n<li><strong>Design and Method<\/strong><\/li>\n\n\n\n<li><strong>Results<\/strong><\/li>\n\n\n\n<li><strong>Conclusion<\/strong><\/li>\n<\/ul>\n<\/li>\n<\/ul>\n\n\n\n<p><strong>4. Technical\u00a0Requirements<\/strong><\/p>\n\n\n\n<ul class=\"wp-block-list\">\n<li>The abstract should be written in English; max: 300 words<\/li>\n\n\n\n<li>Tables, figures, and references are not included<\/li>\n\n\n\n<li>Abbreviations should be defined at first mention<\/li>\n\n\n\n<li>The abstract should be saved in\u00a0<strong>.docx<\/strong>\u00a0format<\/li>\n<\/ul>\n\n\n\n<p><strong>Abstracts in .docx format must be sent to the following email address:\u00a0<\/strong><a href=\"&#109;&#x61;&#105;&#x6c;&#116;&#x6f;&#58;&#x7a;&#110;&#x61;&#110;&#x6f;s&#x74;i&#x6d;i&#x40;g&#x6d;a&#x69;l&#46;&#x63;&#111;&#x6d;\">&#x7a;&#110;a&#x6e;&#111;s&#x74;&#x69;&#109;&#x69;&#x40;&#103;m&#x61;&#105;l&#x2e;&#x63;&#111;&#x6d;<\/a>.<br><strong>Please make sure to write &#8220;ABSTRACT&#8221; (e.g.\u00a0<em>ABSTRACT \u2013 Public Health<\/em>) in the subject line of the email.<\/strong><\/p>\n\n\n\n<p><strong>MAIN TOPICS:<\/strong><\/p>\n\n\n\n<ul class=\"wp-block-list\">\n<li><strong>Biomedicine<\/strong><\/li>\n\n\n\n<li><strong>Clinical Medicine<\/strong><\/li>\n\n\n\n<li><strong>Dental Medicine<\/strong><\/li>\n\n\n\n<li><strong>Health and Environmental Engineering<\/strong><\/li>\n\n\n\n<li><strong>Public Health.<\/strong><\/li>\n<\/ul>\n\n<\/div>\n\t\t<\/div>\n<\/div>\n\n<div class=\"wp-block-ub-content-toggle wp-block-ub-content-toggle-block\" id=\"ub-content-toggle-block-463f6f8c-6f66-4c91-8c38-d280c4c637d2\" data-mobilecollapse=\"false\" data-desktopcollapse=\"false\" data-preventcollapse=\"false\" data-showonlyone=\"false\">\n<div class=\"wp-block-ub-content-toggle-accordion\" style=\"border-color: #f1f1f1;\" id=\"ub-content-toggle-panel-block-\">\n\t\t\t<div class=\"wp-block-ub-content-toggle-accordion-title-wrap\" style=\"background-color: #f1f1f1;\" aria-controls=\"ub-content-toggle-panel-0-463f6f8c-6f66-4c91-8c38-d280c4c637d2\" tabindex=\"0\">\n\t\t\t<p class=\"wp-block-ub-content-toggle-accordion-title ub-content-toggle-title-463f6f8c-6f66-4c91-8c38-d280c4c637d2\" style=\"color: #000000; \"><strong>INSTRUCTIONS FOR ORAL AND POSTER PRESENTATIONS<\/strong><\/p>\n\t\t\t<div class=\"wp-block-ub-content-toggle-accordion-toggle-wrap right\" style=\"color: #000000;\"><span class=\"wp-block-ub-content-toggle-accordion-state-indicator wp-block-ub-chevron-down open\"><\/span><\/div>\n\t\t<\/div>\n\t\t\t<div role=\"region\" aria-expanded=\"true\" class=\"wp-block-ub-content-toggle-accordion-content-wrap\" id=\"ub-content-toggle-panel-0-463f6f8c-6f66-4c91-8c38-d280c4c637d2\">\n\n<p>Each <strong>PowerPoint presentation<\/strong> is limited to a maximum duration of 10 minutes. After the presentation sessions, a round table discussion will be held. Please adhere strictly to the allocated time, as presentations exceeding the time limit will be stopped.<\/p>\n\n\n\n<p>All presentations, including questions and discussion, will be conducted in English.<\/p>\n\n\n\n<p>Presentations in .pptx format may be sent in advance to the following email addresses by Tuesday, May 5, 2026: &#x7a;&#x6e;&#x61;&#x6e;&#x6f;&#x73;&#x74;&#x69;&#x6d;&#x69;&#x40;&#x67;&#x6d;&#x61;&#105;&#108;&#46;&#99;&#111;&#109; or &#122;n&#x61;n&#x6f;s&#x74;&#95;&#x69;&#95;&#x6d;&#105;&#64;&#x6d;e&#x64;r&#x69;&#46;&#x75;&#110;&#x69;&#114;&#x69;&#46;h&#x72;. \u00a0Alternatively, presentations can be submitted via USB stick prior to the start of the congress each day or during coffee breaks.<\/p>\n\n\n\n<p><strong>Poster presenters<\/strong> who have submitted poster presentations should print posters that will be displayed in the hall of the Faculty of Medicine. During the poster section, doctoral\/postdoctoral students are required to stand by their posters and answer any questions. Posters need to be printed at a size of <strong>90 \u00d7 120 cm (width \u00d7 height)<\/strong>. Presentation, questions, and discussion will be in English.<\/p>\n\n<\/div>\n\t\t<\/div>\n<\/div>\n\n<div class=\"wp-block-ub-content-toggle wp-block-ub-content-toggle-block\" id=\"ub-content-toggle-block-f89677d0-5f92-49af-8997-f5d80716c26a\" data-mobilecollapse=\"true\" data-desktopcollapse=\"true\" data-preventcollapse=\"false\" data-showonlyone=\"false\">\n<div class=\"wp-block-ub-content-toggle-accordion\" style=\"border-color: #f1f1f1;\" id=\"ub-content-toggle-panel-block-\">\n\t\t\t<div class=\"wp-block-ub-content-toggle-accordion-title-wrap\" style=\"background-color: #f1f1f1;\" aria-controls=\"ub-content-toggle-panel-0-f89677d0-5f92-49af-8997-f5d80716c26a\" tabindex=\"0\">\n\t\t\t<p class=\"wp-block-ub-content-toggle-accordion-title ub-content-toggle-title-f89677d0-5f92-49af-8997-f5d80716c26a\" style=\"color: #000000; \"><strong>PROGRAM<\/strong><\/p>\n\t\t\t<div class=\"wp-block-ub-content-toggle-accordion-toggle-wrap right\" style=\"color: #000000;\"><span class=\"wp-block-ub-content-toggle-accordion-state-indicator wp-block-ub-chevron-down\"><\/span><\/div>\n\t\t<\/div>\n\t\t\t<div role=\"region\" aria-expanded=\"false\" class=\"wp-block-ub-content-toggle-accordion-content-wrap ub-hide\" id=\"ub-content-toggle-panel-0-f89677d0-5f92-49af-8997-f5d80716c26a\">\n\n<p>A detailed programme will be published in <strong>March 2026<\/strong>, including:<\/p>\n\n\n\n<ul class=\"wp-block-list\">\n<li>award session for best oral and poster presentations<\/li>\n\n\n\n<li>invited lectures<\/li>\n\n\n\n<li>oral presentation sessions<\/li>\n\n\n\n<li>poster sessions<\/li>\n\n\n\n<li>networking events<\/li>\n<\/ul>\n\n<\/div>\n\t\t<\/div>\n<\/div>\n\n<div class=\"wp-block-ub-content-toggle wp-block-ub-content-toggle-block\" id=\"ub-content-toggle-block-013cd3dd-2bd9-4f3e-b724-7026f27ae957\" data-mobilecollapse=\"true\" data-desktopcollapse=\"true\" data-preventcollapse=\"false\" data-showonlyone=\"false\">\n<div class=\"wp-block-ub-content-toggle-accordion\" style=\"border-color: #f1f1f1;\" id=\"ub-content-toggle-panel-block-\">\n\t\t\t<div class=\"wp-block-ub-content-toggle-accordion-title-wrap\" style=\"background-color: #f1f1f1;\" aria-controls=\"ub-content-toggle-panel-0-013cd3dd-2bd9-4f3e-b724-7026f27ae957\" tabindex=\"0\">\n\t\t\t<p class=\"wp-block-ub-content-toggle-accordion-title ub-content-toggle-title-013cd3dd-2bd9-4f3e-b724-7026f27ae957\" style=\"color: #000000; \"><strong>COMMITTEES<\/strong><\/p>\n\t\t\t<div class=\"wp-block-ub-content-toggle-accordion-toggle-wrap right\" style=\"color: #000000;\"><span class=\"wp-block-ub-content-toggle-accordion-state-indicator wp-block-ub-chevron-down\"><\/span><\/div>\n\t\t<\/div>\n\t\t\t<div role=\"region\" aria-expanded=\"false\" class=\"wp-block-ub-content-toggle-accordion-content-wrap ub-hide\" id=\"ub-content-toggle-panel-0-013cd3dd-2bd9-4f3e-b724-7026f27ae957\">\n\n<p><strong>Organizing Committe<\/strong><\/p>\n\n\n\n<ul class=\"wp-block-list\">\n<li>Matea Bilobrk, mag. sanit. ing. <strong>President of the Congress \/ President of the Organizing Committee<\/strong><\/li>\n\n\n\n<li>Ema Dejhala, dr. med.<\/li>\n\n\n\n<li>Neven Su\u010di\u0107, mag. med. lab. diag.<\/li>\n\n\n\n<li>Ivana Lako\u0161eljac, mag. med. lab. diag.<\/li>\n\n\n\n<li>Barbara Franovi\u0107, mag. sanit. ing.<\/li>\n\n\n\n<li>Andrej Belan\u010di\u0107, dr. med.<\/li>\n\n\n\n<li>Gabrijela Sopta Primorac, dr. med., subspec.ginekolo\u0161ke onkologije<\/li>\n\n\n\n<li>Matea Tomljanovi\u0107, dr. med. dent.<\/li>\n\n\n\n<li>Matea Badnjevi\u0107, dr. med. dent.<\/li>\n\n\n\n<li>dr. sc. Fran Krstanovi\u0107, mag. biochem.<\/li>\n\n\n\n<li>Magdalena Medved, mag. biol. exp.<\/li>\n<\/ul>\n\n\n\n<h3 class=\"wp-block-heading\"><strong>Scientific Committee:<\/strong><\/h3>\n\n\n\n<ul class=\"wp-block-list\">\n<li>prof. dr. sc. Marina \u0160anti\u0107, <strong>President of the Scientific Committee<\/strong><\/li>\n\n\n\n<li>izv. prof. dr. sc. Lovorka Bilajac<\/li>\n\n\n\n<li>izv. prof. dr. sc. Vanda Jurani\u0107 Lisni\u0107<\/li>\n\n\n\n<li>izv. prof. dr. sc. Darija Vuki\u0107 Lu\u0161i\u0107<\/li>\n\n\n\n<li>doc. dr. sc. Marko Klari\u0107<\/li>\n\n\n\n<li>prof. prim. dr. sc. Stjepan \u0160palj<\/li>\n<\/ul>\n\n<\/div>\n\t\t<\/div>\n<\/div>\n\n<div class=\"wp-block-ub-content-toggle wp-block-ub-content-toggle-block\" id=\"ub-content-toggle-block-1fd9fae1-8f0a-473b-8a60-443a9bf76f12\" data-mobilecollapse=\"true\" data-desktopcollapse=\"true\" data-preventcollapse=\"false\" data-showonlyone=\"false\">\n<div class=\"wp-block-ub-content-toggle-accordion\" style=\"border-color: #f1f1f1;\" id=\"ub-content-toggle-panel-block-\">\n\t\t\t<div class=\"wp-block-ub-content-toggle-accordion-title-wrap\" style=\"background-color: #f1f1f1;\" aria-controls=\"ub-content-toggle-panel-0-1fd9fae1-8f0a-473b-8a60-443a9bf76f12\" tabindex=\"0\">\n\t\t\t<p class=\"wp-block-ub-content-toggle-accordion-title ub-content-toggle-title-1fd9fae1-8f0a-473b-8a60-443a9bf76f12\" style=\"color: #000000; \"><strong>VENUE<\/strong><\/p>\n\t\t\t<div class=\"wp-block-ub-content-toggle-accordion-toggle-wrap right\" style=\"color: #000000;\"><span class=\"wp-block-ub-content-toggle-accordion-state-indicator wp-block-ub-chevron-down\"><\/span><\/div>\n\t\t<\/div>\n\t\t\t<div role=\"region\" aria-expanded=\"false\" class=\"wp-block-ub-content-toggle-accordion-content-wrap ub-hide\" id=\"ub-content-toggle-panel-0-1fd9fae1-8f0a-473b-8a60-443a9bf76f12\">\n\n<p>University of Rijeka Faculty of Medicine<\/p>\n\n\n\n<p>Bra\u0107e Branchetta 20, 51000 Rijeka, Croatia<\/p>\n\n\n\t\t<div id=\"wpmapblock_6c4f591f\" data-settings='{\"map_marker\":[{\"lat\":\"45.3357412\",\"lng\":\"14.429263985246074\",\"title\":\"\",\"content\":\"\",\"iconType\":\"default\",\"customIconUrl\":\"\",\"customIconWidth\":\"25\",\"customIconHeight\":\"40\"}],\"map_zoom\":\"17\",\"scroll_wheel_zoom\":false,\"map_type\":\"GM\",\"center_index\":0}' class=\"wpmapblockrender\" style=\"\n\t\t\twidth: 100%;\n\t\t\theight: 500px;\n\t\t\">\n        <\/div>\n        \n\n\n<p>The venue is easily accessible by public transport with nearby parking options.<\/p>\n\n<\/div>\n\t\t<\/div>\n<\/div>","protected":false},"excerpt":{"rendered":"<p>University of Rijeka, Faculty of Medicine14\u201316 May 2026 \u2022 Rijeka, Croatia<\/p>\n","protected":false},"author":7,"featured_media":0,"parent":21767,"menu_order":3,"comment_status":"closed","ping_status":"closed","template":"","meta":{"_acf_changed":false,"ub_ctt_via":"","footnotes":""},"class_list":["post-39034","page","type-page","status-publish","hentry"],"acf":[],"featured_image_src":null,"_links":{"self":[{"href":"https:\/\/medri.uniri.hr\/en\/wp-json\/wp\/v2\/pages\/39034","targetHints":{"allow":["GET"]}}],"collection":[{"href":"https:\/\/medri.uniri.hr\/en\/wp-json\/wp\/v2\/pages"}],"about":[{"href":"https:\/\/medri.uniri.hr\/en\/wp-json\/wp\/v2\/types\/page"}],"author":[{"embeddable":true,"href":"https:\/\/medri.uniri.hr\/en\/wp-json\/wp\/v2\/users\/7"}],"replies":[{"embeddable":true,"href":"https:\/\/medri.uniri.hr\/en\/wp-json\/wp\/v2\/comments?post=39034"}],"version-history":[{"count":41,"href":"https:\/\/medri.uniri.hr\/en\/wp-json\/wp\/v2\/pages\/39034\/revisions"}],"predecessor-version":[{"id":40636,"href":"https:\/\/medri.uniri.hr\/en\/wp-json\/wp\/v2\/pages\/39034\/revisions\/40636"}],"up":[{"embeddable":true,"href":"https:\/\/medri.uniri.hr\/en\/wp-json\/wp\/v2\/pages\/21767"}],"wp:attachment":[{"href":"https:\/\/medri.uniri.hr\/en\/wp-json\/wp\/v2\/media?parent=39034"}],"curies":[{"name":"wp","href":"https:\/\/api.w.org\/{rel}","templated":true}]}}